{"id":19884,"date":"2015-05-28T11:30:14","date_gmt":"2015-05-28T09:30:14","guid":{"rendered":"https:\/\/undsgn.com\/uncode\/?page_id=19884"},"modified":"2025-09-15T13:39:03","modified_gmt":"2025-09-15T13:39:03","slug":"classic-business","status":"publish","type":"page","link":"https:\/\/www.plant-act.org\/cs\/","title":{"rendered":"PlantACT!"},"content":{"rendered":"<div class=\"wpb-content-wrapper\"><div data-parent=\"true\" class=\"vc_row row-container with-zoomout with-parallax tablet-hidden mobile-hidden\" id=\"row-unique-0\"><div class=\"row-background background-element\">\n\t\t\t\t\t\t\t\t\t\t\t<div class=\"background-wrapper\">\n\t\t\t\t\t\t\t\t\t\t\t\t<div class=\"background-inner\" style=\"background-image: url(https:\/\/www.plant-act.org\/wp-content\/uploads\/2022\/12\/plant-act-desert-plant-growing.jpg);background-repeat: no-repeat;background-position: center bottom;background-size: cover;\"><\/div>\n\t\t\t\t\t\t\t\t\t\t\t\t\n\t\t\t\t\t\t\t\t\t\t\t<\/div>\n\t\t\t\t\t\t\t\t\t\t<\/div><div class=\"row unequal col-double-gutter double-top-padding double-bottom-padding single-h-padding limit-width row-parent\"><div class=\"wpb_row row-inner\"><div class=\"wpb_column pos-middle pos-center align_left column_parent col-lg-12 quad-internal-gutter\"><div class=\"uncol style-spec style-dark\"  ><div class=\"uncoltable\"><div class=\"uncell no-block-padding\" ><div class=\"uncont\" ><div class=\"vc_row inverted-device-order row-internal row-container\"><div class=\"row col-double-gutter row-child\"><div class=\"wpb_row row-inner\"><div class=\"wpb_column pos-middle pos-center align_left align_center_mobile column_child col-lg-7 col-md-50 half-internal-gutter\"><div class=\"uncol style-spec style-dark\" ><div class=\"uncoltable\"><div class=\"uncell no-block-padding\" ><div class=\"uncont\" ><div class=\"vc_custom_heading_wrap\"><div class=\"heading-text el-text\" ><h5 class=\"font-339240 fontsize-160000 fontspace-135905 text-color-xsdn-color text-uppercase\" ><span>NA\u0160E POSL\u00c1N\u00cd<\/span><\/h5><\/div><div class=\"clear\"><\/div><\/div><div class=\"vc_custom_heading_wrap\"><div class=\"heading-text el-text\" ><h2 class=\"font-339240 h1\" ><span>Iniciativa PlantACT! si klade za c\u00edl fungovat jako think tank rostlinn\u00fdch v\u011bdc\u016f a v\u011bdky\u0148, kte\u0159\u00ed se zab\u00fdvaj\u00ed \u0159e\u0161en\u00edm probl\u00e9m\u016f zp\u016fsoben\u00fdch zm\u011bnou klimatu.<\/span><\/h2><\/div><div class=\"clear\"><\/div><\/div><div class=\"uncode_text_column text-lead\" ><p>Emise sklen\u00edkov\u00fdch plyn\u016f zp\u016fsobily glob\u00e1ln\u00ed klimatickou krizi, kter\u00e1 vy\u017eaduje okam\u017eit\u00e9 z\u00e1sahy vedouc\u00ed ke zm\u00edrn\u011bn\u00ed negativn\u00edch dopad\u016f na v\u0161echny aspekty \u017eivota na t\u00e9to planet\u011b.<\/p>\n<\/div><\/div><\/div><\/div><\/div><\/div><div class=\"wpb_column pos-middle pos-center align_left column_child col-lg-5 col-md-50 single-internal-gutter\"><div class=\"uncol style-spec style-dark\" ><div class=\"uncoltable\"><div class=\"uncell no-block-padding\" ><div class=\"uncont\" ><div class=\"uncode-single-media  text-center\"><div class=\"single-wrapper\" style=\"max-width: 70%;\"><div class=\"tmb tmb-light  tmb-media-first tmb-media-last tmb-content-overlay tmb-no-bg\"><div class=\"t-inside\"><div class=\"t-entry-visual\"><div class=\"t-entry-visual-tc\"><div class=\"uncode-single-media-wrapper\"><img decoding=\"async\" class=\"wp-image-117730\" src=\"https:\/\/www.plant-act.org\/wp-content\/uploads\/2022\/12\/PlantACT-logo.png\" width=\"3334\" height=\"3334\" alt=\"PlantACT-logo\" srcset=\"https:\/\/www.plant-act.org\/wp-content\/uploads\/2022\/12\/PlantACT-logo.png 3334w, https:\/\/www.plant-act.org\/wp-content\/uploads\/2022\/12\/PlantACT-logo-300x300.png 300w, https:\/\/www.plant-act.org\/wp-content\/uploads\/2022\/12\/PlantACT-logo-1024x1024.png 1024w, https:\/\/www.plant-act.org\/wp-content\/uploads\/2022\/12\/PlantACT-logo-150x150.png 150w, https:\/\/www.plant-act.org\/wp-content\/uploads\/2022\/12\/PlantACT-logo-768x768.png 768w, https:\/\/www.plant-act.org\/wp-content\/uploads\/2022\/12\/PlantACT-logo-1536x1536.png 1536w, https:\/\/www.plant-act.org\/wp-content\/uploads\/2022\/12\/PlantACT-logo-2048x2048.png 2048w, https:\/\/www.plant-act.org\/wp-content\/uploads\/2022\/12\/PlantACT-logo-350x350.png 350w, https:\/\/www.plant-act.org\/wp-content\/uploads\/2022\/12\/PlantACT-logo-348x348.png 348w\" sizes=\"(max-width: 3334px) 100vw, 3334px\" \/><\/div>\n\t\t\t\t\t<\/div>\n\t\t\t\t<\/div><\/div><\/div><\/div><\/div><\/div><\/div><\/div><\/div><\/div><\/div><\/div><\/div><\/div><\/div><\/div><\/div><\/div><script id=\"script-row-unique-0\" data-row=\"script-row-unique-0\" type=\"text\/javascript\" class=\"vc_controls\">UNCODE.initRow(document.getElementById(\"row-unique-0\"));<\/script><\/div><\/div><\/div><div data-parent=\"true\" class=\"vc_row row-container with-kburns desktop-hidden\" id=\"row-unique-1\"><div class=\"row-background background-element\">\n\t\t\t\t\t\t\t\t\t\t\t<div class=\"background-wrapper\">\n\t\t\t\t\t\t\t\t\t\t\t\t<div class=\"background-inner\" style=\"background-image: url(https:\/\/www.plant-act.org\/wp-content\/uploads\/2022\/12\/plant-act-desert-plant.jpg);background-repeat: no-repeat;background-position: center center;background-attachment: scroll;background-size: cover;\"><\/div>\n\t\t\t\t\t\t\t\t\t\t\t\t<div class=\"block-bg-overlay style-color-nhtu-bg\" style=\"opacity: 0.2;\"><\/div>\n\t\t\t\t\t\t\t\t\t\t\t<\/div>\n\t\t\t\t\t\t\t\t\t\t<\/div><div class=\"row unequal col-double-gutter triple-top-padding double-bottom-padding single-h-padding limit-width row-parent\" data-height-ratio=\"80\"><div class=\"wpb_row row-inner\"><div class=\"wpb_column pos-middle pos-center align_left column_parent col-lg-12 quad-internal-gutter\"><div class=\"uncol style-spec style-dark\"  ><div class=\"uncoltable\"><div class=\"uncell no-block-padding\" ><div class=\"uncont\" ><div class=\"empty-space empty-quart\" ><span class=\"empty-space-inner\"><\/span><\/div>\n<div class=\"vc_row row-internal row-container\"><div class=\"row col-double-gutter row-child\"><div class=\"wpb_row row-inner\"><div class=\"wpb_column pos-middle pos-center align_left align_center_mobile column_child col-lg-7 col-md-50 half-internal-gutter\"><div class=\"uncol style-spec style-dark\" ><div class=\"uncoltable\"><div class=\"uncell no-block-padding\" ><div class=\"uncont\" ><div class=\"vc_custom_heading_wrap\"><div class=\"heading-text el-text\" ><h5 class=\"font-339240 fontsize-160000 fontspace-135905 text-color-xsdn-color text-uppercase\" ><span>NA\u0160E POSL\u00c1N\u00cd<\/span><\/h5><\/div><div class=\"clear\"><\/div><\/div><div class=\"vc_custom_heading_wrap\"><div class=\"heading-text el-text\" ><h2 class=\"font-339240 h2\" ><span>Iniciativa PlantACT! si klade za c\u00edl fungovat jako think tank rostlinn\u00fdch v\u011bdc\u016f a v\u011bdky\u0148, kte\u0159\u00ed se zab\u00fdvaj\u00ed \u0159e\u0161en\u00edm probl\u00e9m\u016f zp\u016fsoben\u00fdch zm\u011bnou klimatu.<\/span><\/h2><\/div><div class=\"clear\"><\/div><\/div><div class=\"uncode_text_column text-lead\" ><p>Emise sklen\u00edkov\u00fdch plyn\u016f zp\u016fsobily glob\u00e1ln\u00ed klimatickou krizi, kter\u00e1 vy\u017eaduje okam\u017eit\u00e9 z\u00e1sahy vedouc\u00ed ke zm\u00edrn\u011bn\u00ed negativn\u00edch dopad\u016f na v\u0161echny aspekty \u017eivota na t\u00e9to planet\u011b.<\/p>\n<\/div><\/div><\/div><\/div><\/div><\/div><div class=\"wpb_column pos-middle pos-center align_left column_child col-lg-5 col-md-50 one-internal-gutter\"><div class=\"uncol style-spec style-dark\" ><div class=\"uncoltable\"><div class=\"uncell no-block-padding\" ><div class=\"uncont\" ><\/div><\/div><\/div><\/div><\/div><\/div><\/div><\/div><\/div><\/div><\/div><\/div><\/div><script id=\"script-row-unique-1\" data-row=\"script-row-unique-1\" type=\"text\/javascript\" class=\"vc_controls\">UNCODE.initRow(document.getElementById(\"row-unique-1\"));<\/script><\/div><\/div><\/div><div data-parent=\"true\" class=\"vc_row inverted-device-order has-bg need-focus style-color-xsdn-bg row-container\" id=\"row-unique-2\"><div class=\"row unequal col-double-gutter quad-top-padding quad-bottom-padding quad-h-padding full-width row-parent\"><div class=\"wpb_row row-inner\"><div class=\"wpb_column pos-top pos-center align_left column_parent col-lg-12 single-internal-gutter\"><div class=\"uncol style-light\"  ><div class=\"uncoltable\"><div class=\"uncell no-block-padding\" ><div class=\"uncont\" ><div id=\"index-140202\" class=\"isotope-system isotope-general-light grid-general-light\" >\n\t\t\t\n\t\t\t\t\t\t\t\t\t\t\t\t\t\t<div class=\"isotope-wrapper grid-wrapper single-gutter\" >\t\t\t\t\t\t\t\t\t\t\t\t<div class=\"isotope-container grid-container isotope-layout style-masonry isotope-pagination grid-pagination\" data-type=\"masonry\" data-layout=\"fitRows\" data-lg=\"1000\" data-md=\"600\" data-sm=\"480\" data-vp-height=\"\">\t\t\t<div class=\"tmb atc-typography-inherit tmb-iso-w12 tmb-iso-h4 tmb-light tmb-overlay-text-anim tmb-overlay-anim tmb-content-lateral-left tmb-content-vertical-top tmb-content-size-6 tmb-content-lateral-responsive tmb-content-left tmb-image-anim tmb-bordered  grid-cat-69 tmb-id-119131 tmb-img-ratio tmb-content-lateral tmb-media-first tmb-no-bg\" ><div class=\"t-inside no-anim\" ><div class=\"t-entry-visual\"><div class=\"t-entry-visual-tc\"><div class=\"t-entry-visual-cont\"><div class=\"dummy\" style=\"padding-top: 56.3%;\"><\/div><a role=\"button\" tabindex=\"-1\" href=\"https:\/\/www.plant-act.org\/cs\/2026\/03\/18\/future-food-systems-conference-update\/\" class=\"pushed\" target=\"_self\" data-lb-index=\"0\"><div class=\"t-entry-visual-overlay\"><div class=\"t-entry-visual-overlay-in style-dark-bg\" style=\"opacity: 0.5;\"><\/div><\/div><img decoding=\"async\" class=\"wp-image-119165\" src=\"https:\/\/www.plant-act.org\/wp-content\/uploads\/2026\/03\/Design-ohne-Titel.jpg\" width=\"1920\" height=\"1080\" alt=\"\" srcset=\"https:\/\/www.plant-act.org\/wp-content\/uploads\/2026\/03\/Design-ohne-Titel.jpg 1920w, https:\/\/www.plant-act.org\/wp-content\/uploads\/2026\/03\/Design-ohne-Titel-300x169.jpg 300w, https:\/\/www.plant-act.org\/wp-content\/uploads\/2026\/03\/Design-ohne-Titel-1024x576.jpg 1024w, https:\/\/www.plant-act.org\/wp-content\/uploads\/2026\/03\/Design-ohne-Titel-768x432.jpg 768w, https:\/\/www.plant-act.org\/wp-content\/uploads\/2026\/03\/Design-ohne-Titel-1536x864.jpg 1536w, https:\/\/www.plant-act.org\/wp-content\/uploads\/2026\/03\/Design-ohne-Titel-18x10.jpg 18w, https:\/\/www.plant-act.org\/wp-content\/uploads\/2026\/03\/Design-ohne-Titel-350x197.jpg 350w\" sizes=\"(max-width: 1920px) 100vw, 1920px\" \/><\/a><\/div>\n\t\t\t\t\t<\/div>\n\t\t\t\t<\/div><div class=\"t-entry-text\">\n\t\t\t\t\t\t\t\t\t<div class=\"t-entry-text-tc single-block-padding\"><div class=\"t-entry\"><h3 class=\"t-entry-title h2 title-scale\"><a href=\"https:\/\/www.plant-act.org\/cs\/2026\/03\/18\/future-food-systems-conference-update\/\" target=\"_self\">Future Food Systems Conference Update<\/a><\/h3><div class=\"t-entry-excerpt\"><p>The Future Food Systems Conference, scheduled for April 13\u201315, 2026 at KAUST, has been postponed due to unforeseen circumstances to\u00a0March\u00a022-24, 2027.<\/p>\n<p>We sincerely apologize for any inconvenience this may cause. This decision was not made lightly and we appreciate the strong\u00a0interest in the conference.<br \/>\nOur commitment to this event remains strong, and\u00a0we are currently working to identify new dates that will allow us to deliver an engaging and impactful experience for participants.<\/p>\n<p>Updates will be shared once further details are confirmed.<\/p>\n<\/div><hr \/><p class=\"t-entry-readmore btn-container\"><a href=\"https:\/\/www.plant-act.org\/cs\/2026\/03\/18\/future-food-systems-conference-update\/\" class=\"btn btn-default\" target=\"_self\">Read More<\/a><\/p><\/div><\/div>\n\t\t\t\t\t\t\t<\/div><\/div><\/div>\t\t<\/div>\t\n\t\n\n\t<\/div>\t\t\t\t<\/div>\n<\/div><\/div><\/div><\/div><\/div><script id=\"script-row-unique-2\" data-row=\"script-row-unique-2\" type=\"text\/javascript\" class=\"vc_controls\">UNCODE.initRow(document.getElementById(\"row-unique-2\"));<\/script><\/div><\/div><\/div><div data-parent=\"true\" class=\"vc_row inverted-device-order has-bg need-focus style-color-lxmt-bg row-container\" id=\"row-unique-3\"><div class=\"row unequal col-double-gutter quad-top-padding quad-bottom-padding quad-h-padding full-width row-parent\"><div class=\"wpb_row row-inner\"><div class=\"wpb_column pos-middle pos-left align_left align_center_mobile column_parent col-lg-6 half-internal-gutter z_index_2\"><div class=\"uncol style-light font-339240\"  ><div class=\"uncoltable\"><div class=\"uncell no-block-padding\" ><div class=\"uncont\" style=\" max-width:624px;\" ><div class=\"vc_custom_heading_wrap\"><div class=\"heading-text el-text\" ><h5 class=\"font-339240 fontsize-160000 fontspace-135905 text-accent-color text-uppercase\" ><span>O N\u00c1S<\/span><\/h5><\/div><div class=\"clear\"><\/div><\/div><div class=\"vc_custom_heading_wrap\"><div class=\"heading-text el-text\" ><h1 class=\"font-339240 fontsize-155944\" ><span>PlantACT!<\/span><\/h1><\/div><div class=\"clear\"><\/div><\/div><div class=\"uncode_text_column text-lead\" ><p class=\"translation-block\">Sou\u010dasn\u00e9 zem\u011bd\u011blstv\u00ed p\u0159isp\u00edv\u00e1 k celkov\u00fdm emis\u00edm sklen\u00edkov\u00fdch plyn\u016f a\u017e 25 %. V\u011bdci zab\u00fdvaj\u00edc\u00ed se v\u00fdzkumem rostlin proto hraj\u00ed kl\u00ed\u010dovou \u00falohu p\u0159i hled\u00e1n\u00ed mo\u017en\u00fdch \u0159e\u0161en\u00ed p\u0159echodu na udr\u017eiteln\u00e9 zem\u011bd\u011blstv\u00ed a vyu\u017e\u00edv\u00e1n\u00ed p\u016fdy. Iniciativa rostlinn\u00fdch v\u011bdc\u016f PlantACT! stanovuje oblasti a zp\u016fsoby, jak\u00fdmi mohou rostlinn\u00ed v\u011bdci p\u0159isp\u011bt k nalezen\u00ed okam\u017eit\u00fdch, st\u0159edn\u011bdob\u00fdch a dlouhodob\u00fdch \u0159e\u0161en\u00ed, a pom\u00e1h\u00e1 definovat zm\u011bny nutn\u00e9 pro realizaci t\u011bchto \u0159e\u0161en\u00ed na osobn\u00ed, institucion\u00e1ln\u00ed a finan\u010dn\u00ed \u00farovni.<\/p>\n<\/div><\/div><\/div><\/div><\/div><\/div><div class=\"wpb_column pos-top pos-center align_left column_parent col-lg-6 single-internal-gutter\"><div class=\"uncol style-light\"  ><div class=\"uncoltable\"><div class=\"uncell no-block-padding\" ><div class=\"uncont\" ><div class=\"uncode-single-media  text-right\" data-cursor=\"icon-accent\"><div class=\"single-wrapper\" style=\"max-width: 100%;\"><a class=\"single-media-link\" href=\"#\" title=\"Services Business\"><div class=\"tmb tmb-light  img-round img-round-xs tmb-img-ratio tmb-media-first tmb-media-last tmb-content-overlay tmb-no-bg\"><div class=\"t-inside\"><div class=\"t-entry-visual\"><div class=\"t-entry-visual-tc\"><div class=\"uncode-single-media-wrapper img-round img-round-xs\"><div class=\"dummy\" style=\"padding-top: 66.6%;\"><\/div><img decoding=\"async\" class=\"wp-image-118041\" src=\"https:\/\/www.plant-act.org\/wp-content\/uploads\/2022\/12\/plantact-climate-change-plant-science-uai-1964x1309.png\" width=\"1964\" height=\"1309\" alt=\"\"><\/div>\n\t\t\t\t\t<\/div>\n\t\t\t\t<\/div><\/div><\/div><\/a><\/div><\/div><\/div><\/div><\/div><\/div><\/div><script id=\"script-row-unique-3\" data-row=\"script-row-unique-3\" type=\"text\/javascript\" class=\"vc_controls\">UNCODE.initRow(document.getElementById(\"row-unique-3\"));<\/script><\/div><\/div><\/div><div data-parent=\"true\" class=\"vc_row has-bg need-focus style-color-xsdn-bg row-container\" id=\"row-unique-4\"><div class=\"row unequal col-double-gutter quad-top-padding single-bottom-padding quad-h-padding full-width row-parent\"><div class=\"wpb_row row-inner\"><div class=\"wpb_column pos-top pos-center align_left column_parent col-lg-6 single-internal-gutter\"><div class=\"uncol style-light\"  ><div class=\"uncoltable\"><div class=\"uncell no-block-padding\" ><div class=\"uncont\" ><div class=\"uncode-single-media  text-left\" data-cursor=\"icon-accent\"><div class=\"single-wrapper\" style=\"max-width: 100%;\"><div class=\"tmb tmb-light  img-round img-round-xs tmb-img-ratio tmb-media-first tmb-media-last tmb-content-overlay tmb-no-bg\"><div class=\"t-inside\"><div class=\"t-entry-visual\"><div class=\"t-entry-visual-tc\"><div class=\"uncode-single-media-wrapper img-round img-round-xs\"><div class=\"dummy\" style=\"padding-top: 66.7%;\"><\/div><img decoding=\"async\" class=\"wp-image-118449\" src=\"https:\/\/www.plant-act.org\/wp-content\/uploads\/2023\/05\/plantact-climate-science.png\" width=\"2340\" height=\"1560\" alt=\"\" srcset=\"https:\/\/www.plant-act.org\/wp-content\/uploads\/2023\/05\/plantact-climate-science.png 2340w, https:\/\/www.plant-act.org\/wp-content\/uploads\/2023\/05\/plantact-climate-science-300x200.png 300w, https:\/\/www.plant-act.org\/wp-content\/uploads\/2023\/05\/plantact-climate-science-1024x683.png 1024w, https:\/\/www.plant-act.org\/wp-content\/uploads\/2023\/05\/plantact-climate-science-768x512.png 768w, https:\/\/www.plant-act.org\/wp-content\/uploads\/2023\/05\/plantact-climate-science-1536x1024.png 1536w, https:\/\/www.plant-act.org\/wp-content\/uploads\/2023\/05\/plantact-climate-science-2048x1365.png 2048w, https:\/\/www.plant-act.org\/wp-content\/uploads\/2023\/05\/plantact-climate-science-18x12.png 18w, https:\/\/www.plant-act.org\/wp-content\/uploads\/2023\/05\/plantact-climate-science-350x233.png 350w\" sizes=\"(max-width: 2340px) 100vw, 2340px\" \/><\/div>\n\t\t\t\t\t<\/div>\n\t\t\t\t<\/div><\/div><\/div><\/div><\/div><\/div><\/div><\/div><\/div><\/div><div class=\"wpb_column pos-middle pos-right align_left align_center_mobile column_parent col-lg-6 half-internal-gutter z_index_2\"><div class=\"uncol style-light font-339240\"  ><div class=\"uncoltable\"><div class=\"uncell no-block-padding\" ><div class=\"uncont\" style=\" max-width:624px;\" ><div class=\"vc_custom_heading_wrap\"><div class=\"heading-text el-text\" ><h5 class=\"font-339240 fontsize-160000 fontspace-135905 text-accent-color text-uppercase\" ><span>UPOZOR\u0147UJEME, ZAPOJUJEME SE A SHROMA\u017d\u010eUJEME N\u00c1PADY<\/span><\/h5><\/div><div class=\"clear\"><\/div><\/div><div class=\"vc_custom_heading_wrap\"><div class=\"heading-text el-text\" ><h2 class=\"font-339240 fontsize-155944\" ><span>Motivace PlantACT!<\/span><\/h2><\/div><div class=\"clear\"><\/div><\/div><div class=\"uncode_text_column text-lead\" ><p class=\"translation-block\">The consortium of PlantACT! feels the necessity to alert, engage and gather ideas to <strong>reduce agriculture-based GHG emissions<\/strong> and propagate solutions that facilitate a more equitable and sustainable global food production system.<\/p>\n<\/div><div class=\"uncode_text_column text-lead\" ><p><strong>Abychom postupovali krok za krokem, pl\u00e1nujeme se nejprve zam\u011b\u0159it na 4 hlavn\u00ed t\u00e9mata:<\/strong><\/p>\n<\/div><\/div><\/div><\/div><\/div><\/div><script id=\"script-row-unique-4\" data-row=\"script-row-unique-4\" type=\"text\/javascript\" class=\"vc_controls\">UNCODE.initRow(document.getElementById(\"row-unique-4\"));<\/script><\/div><\/div><\/div><div data-parent=\"true\" class=\"vc_row row-container tablet-hidden mobile-hidden\" id=\"row-unique-5\"><div class=\"row double-top-padding quad-bottom-padding single-h-padding limit-width row-parent\"><div class=\"wpb_row row-inner\"><div class=\"wpb_column pos-middle pos-center align_center column_parent col-lg-12 double-internal-gutter\"><div class=\"uncol style-light font-339240\"  ><div class=\"uncoltable\"><div class=\"uncell no-block-padding\" ><div class=\"uncont\" ><div class=\"vc_row row-internal row-container\"><div class=\"row col-double-gutter row-child\"><div class=\"wpb_row row-inner\"><div class=\"wpb_column pos-top pos-center align_left align_center_mobile column_child col-lg-6 col-md-50 single-internal-gutter\"><div class=\"uncol style-light\" ><div class=\"uncoltable\"><div class=\"uncell no-block-padding\" ><div class=\"uncont\" ><div class=\"icon-box icon-box-left  icon-media-image\" ><div class=\"icon-box-icon fa-container\" style=\"width:150px;\" ><span class=\"text-accent-color btn-disable-hover\"><img decoding=\"async\" class=\"\" src=\"https:\/\/www.plant-act.org\/wp-content\/uploads\/2022\/12\/Growth.png\" width=\"512\" height=\"512\" alt=\"\"  \/><\/span><\/div><div class=\"icon-box-content\"><div class=\"icon-box-heading icon-box-fa-1x\"><h3 class=\"font-339240 h4\">Efektivita vyu\u017eit\u00ed dus\u00edku v plodin\u00e1ch.<\/h3><\/div><p class=\"text-lead\">\u0158et\u011bzec dod\u00e1vek dus\u00edkat\u00fdch hnojiv v sou\u010dasn\u00e9 dob\u011b p\u0159isp\u00edv\u00e1 &gt;2 % k produkci sklen\u00edkov\u00fdch plyn\u016f. Zem\u011bd\u011blstv\u00ed je ob\u011bt\u00ed i vin\u00edkem glob\u00e1ln\u00ed zm\u011bny klimatu, proto\u017ee 20-25 % sklen\u00edkov\u00fdch plyn\u016f se uvol\u0148uje zem\u011bd\u011blskou \u010dinnost\u00ed. P\u0159echod na agrosyst\u00e9my vyu\u017e\u00edvaj\u00edc\u00ed plodiny s vysokou \u00fa\u010dinnost\u00ed vyu\u017eit\u00ed dus\u00edku p\u0159edstavuje nal\u00e9havou prioritu.<\/p>\n<\/div><\/div><div class=\"icon-box icon-box-left  icon-media-image\" ><div class=\"icon-box-icon fa-container\" style=\"width:150px;\" ><span class=\"text-accent-color btn-disable-hover\"><img decoding=\"async\" class=\"\" src=\"https:\/\/www.plant-act.org\/wp-content\/uploads\/2022\/12\/Climate.png\" width=\"512\" height=\"512\" alt=\"\"  \/><\/span><\/div><div class=\"icon-box-content\"><div class=\"icon-box-heading icon-box-fa-1x\"><h3 class=\"font-339240 h4\">Sekvestrace uhl\u00edku.<\/h3><\/div><p class=\"text-lead\">Pokud nebudou p\u0159ijata rychl\u00e1 opat\u0159en\u00ed k zachycov\u00e1n\u00ed oxidu uhli\u010dit\u00e9ho z atmosf\u00e9ry, je antropogenn\u00ed zm\u011bna klimatu nevratn\u00e1 p\u0159inejmen\u0161\u00edm pro p\u0159\u00ed\u0161t\u00edch 10 generac\u00ed. Rostlinn\u00e1 fotosynt\u00e9za je po\u010d\u00e1te\u010dn\u00edm krokem \"odstra\u0148ov\u00e1n\u00ed\" uhl\u00edku z atmosf\u00e9ry a p\u0159edstavuje v\u00fdznamn\u00fd prost\u0159edek pro zm\u00edrn\u011bn\u00ed zm\u011bny klimatu.<\/p>\n<\/div><\/div><\/div><\/div><\/div><\/div><\/div><div class=\"wpb_column pos-top pos-center align_left align_center_mobile column_child col-lg-6 col-md-50 single-internal-gutter\"><div class=\"uncol style-light\" ><div class=\"uncoltable\"><div class=\"uncell no-block-padding\" ><div class=\"uncont\" ><div class=\"icon-box icon-box-left  icon-media-image\" ><div class=\"icon-box-icon fa-container\" style=\"width:150px;\" ><span class=\"text-accent-color btn-disable-hover\"><img decoding=\"async\" class=\"\" src=\"https:\/\/www.plant-act.org\/wp-content\/uploads\/2022\/12\/Root.png\" width=\"512\" height=\"512\" alt=\"\"  \/><\/span><\/div><div class=\"icon-box-content\"><div class=\"icon-box-heading icon-box-fa-1x\"><h3 class=\"font-339240 h4\">Zdrav\u00ed p\u016fdy a rostlin.<\/h3><\/div><p class=\"text-lead\">P\u016fdn\u00ed mikroorganismy vytv\u00e1\u0159ej\u00ed s rostlinami prosp\u011b\u0161n\u00e9 symbiotick\u00e9 interakce a pom\u00e1haj\u00ed ko\u0159en\u016fm rostlin v p\u0159\u00edjmu \u017eivin a potla\u010dov\u00e1n\u00ed chorob. V budoucnu je t\u0159eba vz\u00edt v \u00favahu holistick\u00e9 p\u0159\u00edstupy k ekosyst\u00e9mu p\u016fda-rostlina-mikroorganismy, aby bylo dosa\u017eeno udr\u017eiteln\u00fdch \u0159e\u0161en\u00ed v souvislosti se zm\u011bnou klimatu.<\/p>\n<\/div><\/div><div class=\"icon-box icon-box-left  icon-media-image\" ><div class=\"icon-box-icon fa-container\" style=\"width:150px;\" ><span class=\"text-accent-color btn-disable-hover\"><img decoding=\"async\" class=\"\" src=\"https:\/\/www.plant-act.org\/wp-content\/uploads\/2022\/12\/Plant-Care.png\" width=\"512\" height=\"512\" alt=\"\"  \/><\/span><\/div><div class=\"icon-box-content\"><div class=\"icon-box-heading icon-box-fa-1x\"><h3 class=\"font-339240 h4\">Odolnost a potravinov\u00e1 bezpe\u010dnost.<\/h3><\/div><p class=\"text-lead\">Rostouc\u00ed celosv\u011btov\u00e1 populace, zm\u011bna stravovac\u00edch n\u00e1vyk\u016f sm\u011brem k v\u011bt\u0161\u00ed spot\u0159eb\u011b masa, ka\u017een\u00ed potravin na \u00farovni spot\u0159ebitel\u016f i dodavatelsk\u00fdch \u0159et\u011bzc\u016f a zv\u00fd\u0161en\u00fd objem potravinov\u00e9ho odpadu jsou hlavn\u00edmi faktory, kter\u00e9 ovliv\u0148uj\u00ed stabilitu a odolnost glob\u00e1ln\u00edch potravinov\u00fdch syst\u00e9m\u016f. P\u0159ijet\u00ed rostlinn\u00e9 stravy z\u016fst\u00e1v\u00e1 nejefektivn\u011bj\u0161\u00ed mo\u017enost\u00ed. V\u011bdci zab\u00fdvaj\u00edc\u00ed se rostlinami by mohli p\u0159isp\u011bt k v\u00fdvoji alternativn\u00edch rostlinn\u00fdch zdroj\u016f b\u00edlkovin ve spolupr\u00e1ci s potravin\u00e1\u0159sk\u00fdmi a soci\u00e1ln\u00edmi v\u011bdci.<\/p>\n<\/div><\/div><\/div><\/div><\/div><\/div><\/div><\/div><\/div><\/div><\/div><\/div><\/div><\/div><\/div><script id=\"script-row-unique-5\" data-row=\"script-row-unique-5\" type=\"text\/javascript\" class=\"vc_controls\">UNCODE.initRow(document.getElementById(\"row-unique-5\"));<\/script><\/div><\/div><\/div><div data-parent=\"true\" class=\"vc_row row-container desktop-hidden\" id=\"row-unique-6\"><div class=\"row double-top-padding quad-bottom-padding single-h-padding limit-width row-parent\"><div class=\"wpb_row row-inner\"><div class=\"wpb_column pos-middle pos-center align_center column_parent col-lg-12 double-internal-gutter\"><div class=\"uncol style-light font-339240\"  ><div class=\"uncoltable\"><div class=\"uncell no-block-padding\" ><div class=\"uncont\" ><div class=\"vc_row row-internal row-container\"><div class=\"row col-double-gutter row-child\"><div class=\"wpb_row row-inner\"><div class=\"wpb_column pos-top pos-center align_left align_center_mobile column_child col-lg-6 col-md-50 single-internal-gutter\"><div class=\"uncol style-light\" ><div class=\"uncoltable\"><div class=\"uncell no-block-padding\" ><div class=\"uncont\" ><div class=\"icon-box icon-box-top  icon-media-image\" ><div class=\"icon-box-icon fa-container\" style=\"width:150px;\" ><span class=\"text-accent-color btn-disable-hover\"><img decoding=\"async\" class=\"\" src=\"https:\/\/www.plant-act.org\/wp-content\/uploads\/2022\/12\/Growth.png\" width=\"512\" height=\"512\" alt=\"\"  \/><\/span><\/div><div class=\"icon-box-content\"><div class=\"icon-box-heading icon-box-fa-1x\"><h3 class=\"font-339240 h4\">Efektivita vyu\u017eit\u00ed dus\u00edku v plodin\u00e1ch.<\/h3><\/div><p class=\"text-lead\">\u0158et\u011bzec dod\u00e1vek dus\u00edkat\u00fdch hnojiv v sou\u010dasn\u00e9 dob\u011b p\u0159isp\u00edv\u00e1 &gt;2 % k produkci sklen\u00edkov\u00fdch plyn\u016f. Zem\u011bd\u011blstv\u00ed je ob\u011bt\u00ed i vin\u00edkem glob\u00e1ln\u00ed zm\u011bny klimatu, proto\u017ee 20-25 % sklen\u00edkov\u00fdch plyn\u016f se uvol\u0148uje zem\u011bd\u011blskou \u010dinnost\u00ed. P\u0159echod na agrosyst\u00e9my vyu\u017e\u00edvaj\u00edc\u00ed plodiny s vysokou \u00fa\u010dinnost\u00ed vyu\u017eit\u00ed dus\u00edku p\u0159edstavuje nal\u00e9havou prioritu.<\/p>\n<\/div><\/div><div class=\"icon-box icon-box-top  icon-media-image\" ><div class=\"icon-box-icon fa-container\" style=\"width:150px;\" ><span class=\"text-accent-color btn-disable-hover\"><img decoding=\"async\" class=\"\" src=\"https:\/\/www.plant-act.org\/wp-content\/uploads\/2022\/12\/Climate.png\" width=\"512\" height=\"512\" alt=\"\"  \/><\/span><\/div><div class=\"icon-box-content\"><div class=\"icon-box-heading icon-box-fa-1x\"><h3 class=\"font-339240 h4\">Sekvestrace uhl\u00edku.<\/h3><\/div><p class=\"text-lead\">Pokud nebudou p\u0159ijata rychl\u00e1 opat\u0159en\u00ed k zachycov\u00e1n\u00ed oxidu uhli\u010dit\u00e9ho z atmosf\u00e9ry, je antropogenn\u00ed zm\u011bna klimatu nevratn\u00e1 p\u0159inejmen\u0161\u00edm pro p\u0159\u00ed\u0161t\u00edch 10 generac\u00ed. Rostlinn\u00e1 fotosynt\u00e9za je po\u010d\u00e1te\u010dn\u00edm krokem \"odstra\u0148ov\u00e1n\u00ed\" uhl\u00edku z atmosf\u00e9ry a p\u0159edstavuje v\u00fdznamn\u00fd prost\u0159edek pro zm\u00edrn\u011bn\u00ed zm\u011bny klimatu.<\/p>\n<\/div><\/div><\/div><\/div><\/div><\/div><\/div><div class=\"wpb_column pos-top pos-center align_left align_center_mobile column_child col-lg-6 col-md-50 single-internal-gutter\"><div class=\"uncol style-light\" ><div class=\"uncoltable\"><div class=\"uncell no-block-padding\" ><div class=\"uncont\" ><div class=\"icon-box icon-box-top  icon-media-image\" ><div class=\"icon-box-icon fa-container\" style=\"width:150px;\" ><span class=\"text-accent-color btn-disable-hover\"><img decoding=\"async\" class=\"\" src=\"https:\/\/www.plant-act.org\/wp-content\/uploads\/2022\/12\/Root.png\" width=\"512\" height=\"512\" alt=\"\"  \/><\/span><\/div><div class=\"icon-box-content\"><div class=\"icon-box-heading icon-box-fa-1x\"><h3 class=\"font-339240 h4\">Zdrav\u00ed p\u016fdy a rostlin.<\/h3><\/div><p class=\"text-lead\">P\u016fdn\u00ed mikroorganismy vytv\u00e1\u0159ej\u00ed s rostlinami prosp\u011b\u0161n\u00e9 symbiotick\u00e9 interakce a pom\u00e1haj\u00ed ko\u0159en\u016fm rostlin v p\u0159\u00edjmu \u017eivin a potla\u010dov\u00e1n\u00ed chorob. V budoucnu je t\u0159eba vz\u00edt v \u00favahu holistick\u00e9 p\u0159\u00edstupy k ekosyst\u00e9mu p\u016fda-rostlina-mikroorganismy, aby bylo dosa\u017eeno udr\u017eiteln\u00fdch \u0159e\u0161en\u00ed v souvislosti se zm\u011bnou klimatu.<\/p>\n<\/div><\/div><div class=\"icon-box icon-box-top  icon-media-image\" ><div class=\"icon-box-icon fa-container\" style=\"width:150px;\" ><span class=\"text-accent-color btn-disable-hover\"><img decoding=\"async\" class=\"\" src=\"https:\/\/www.plant-act.org\/wp-content\/uploads\/2022\/12\/Plant-Care.png\" width=\"512\" height=\"512\" alt=\"\"  \/><\/span><\/div><div class=\"icon-box-content\"><div class=\"icon-box-heading icon-box-fa-1x\"><h3 class=\"font-339240 h4\">Odolnost a potravinov\u00e1 bezpe\u010dnost.<\/h3><\/div><p class=\"text-lead\">Rostouc\u00ed celosv\u011btov\u00e1 populace, zm\u011bna stravovac\u00edch n\u00e1vyk\u016f sm\u011brem k v\u011bt\u0161\u00ed spot\u0159eb\u011b masa, ka\u017een\u00ed potravin na \u00farovni spot\u0159ebitel\u016f i dodavatelsk\u00fdch \u0159et\u011bzc\u016f a zv\u00fd\u0161en\u00fd objem potravinov\u00e9ho odpadu jsou hlavn\u00edmi faktory, kter\u00e9 ovliv\u0148uj\u00ed stabilitu a odolnost glob\u00e1ln\u00edch potravinov\u00fdch syst\u00e9m\u016f. P\u0159ijet\u00ed rostlinn\u00e9 stravy z\u016fst\u00e1v\u00e1 nejefektivn\u011bj\u0161\u00ed mo\u017enost\u00ed. V\u011bdci zab\u00fdvaj\u00edc\u00ed se rostlinami by mohli p\u0159isp\u011bt k v\u00fdvoji alternativn\u00edch rostlinn\u00fdch zdroj\u016f b\u00edlkovin ve spolupr\u00e1ci s potravin\u00e1\u0159sk\u00fdmi a soci\u00e1ln\u00edmi v\u011bdci.<\/p>\n<\/div><\/div><\/div><\/div><\/div><\/div><\/div><\/div><\/div><\/div><\/div><\/div><\/div><\/div><\/div><script id=\"script-row-unique-6\" data-row=\"script-row-unique-6\" type=\"text\/javascript\" class=\"vc_controls\">UNCODE.initRow(document.getElementById(\"row-unique-6\"));<\/script><\/div><\/div><\/div><div data-parent=\"true\" class=\"vc_row has-bg need-focus style-accent-bg row-container with-kburns with-parallax\" id=\"row-unique-7\"><div class=\"row-background background-element\">\n\t\t\t\t\t\t\t\t\t\t\t<div class=\"background-wrapper\">\n\t\t\t\t\t\t\t\t\t\t\t\t<div class=\"background-inner\" style=\"background-image: url(https:\/\/www.plant-act.org\/wp-content\/uploads\/2023\/01\/Photo-PlantAct_IJPB_2022-2.jpg);background-repeat: no-repeat;background-position: center center;background-size: cover;\"><\/div>\n\t\t\t\t\t\t\t\t\t\t\t\t<div class=\"block-bg-overlay style-accent-bg\" style=\"opacity: 0.85;\"><\/div>\n\t\t\t\t\t\t\t\t\t\t\t<\/div>\n\t\t\t\t\t\t\t\t\t\t<\/div><div class=\"row col-double-gutter triple-top-padding double-bottom-padding single-h-padding limit-width row-parent\"><div class=\"wpb_row row-inner\"><div class=\"wpb_column pos-middle pos-center align_center align_center_mobile column_parent col-lg-12 half-internal-gutter\"><div class=\"uncol style-spec style-dark font-339240\"  ><div class=\"uncoltable\"><div class=\"uncell\" ><div class=\"uncont no-block-padding col-custom-width\" style=\" max-width:984px;\" ><div class=\"vc_row row-internal row-container\"><div class=\"row row-child\"><div class=\"wpb_row row-inner\"><div class=\"wpb_column pos-top pos-center align_left column_child col-lg-3 single-internal-gutter\"><div class=\"uncol style-light\" ><div class=\"uncoltable\"><div class=\"uncell no-block-padding\" ><div class=\"uncont\" ><div class=\"uncode-single-media  text-center\" data-cursor=\"icon-accent\"><div class=\"single-wrapper\" style=\"max-width: 80%;\"><div class=\"tmb tmb-light  img-round img-round-xs tmb-media-first tmb-media-last tmb-content-overlay tmb-no-bg\"><div class=\"t-inside\"><div class=\"t-entry-visual\"><div class=\"t-entry-visual-tc\"><div class=\"uncode-single-media-wrapper img-round img-round-xs\"><img decoding=\"async\" class=\"wp-image-117911\" src=\"https:\/\/www.plant-act.org\/wp-content\/uploads\/2022\/12\/6.png\" width=\"1842\" height=\"3000\" alt=\"\" srcset=\"https:\/\/www.plant-act.org\/wp-content\/uploads\/2022\/12\/6.png 1842w, https:\/\/www.plant-act.org\/wp-content\/uploads\/2022\/12\/6-184x300.png 184w, https:\/\/www.plant-act.org\/wp-content\/uploads\/2022\/12\/6-629x1024.png 629w, https:\/\/www.plant-act.org\/wp-content\/uploads\/2022\/12\/6-768x1251.png 768w, https:\/\/www.plant-act.org\/wp-content\/uploads\/2022\/12\/6-943x1536.png 943w, https:\/\/www.plant-act.org\/wp-content\/uploads\/2022\/12\/6-1257x2048.png 1257w, https:\/\/www.plant-act.org\/wp-content\/uploads\/2022\/12\/6-350x570.png 350w\" sizes=\"(max-width: 1842px) 100vw, 1842px\" \/><\/div>\n\t\t\t\t\t<\/div>\n\t\t\t\t<\/div><\/div><\/div><\/div><\/div><\/div><\/div><\/div><\/div><\/div><div class=\"wpb_column pos-middle pos-center align_left column_child col-lg-9 half-internal-gutter\"><div class=\"uncol style-spec style-dark\" ><div class=\"uncoltable\"><div class=\"uncell no-block-padding\" ><div class=\"uncont\" ><div class=\"uncode_text_column text-lead\" ><p class=\"translation-block\">\u010cleny PlantACT! jsou doktor\u0161t\u00ed studenti a studentky, mlad\u00ed i etablovan\u00ed v\u011bdci a v\u011bdkyn\u011b, kte\u0159\u00ed pracuj\u00ed v r\u016fzn\u00fdch oblastech rostlinn\u00fdch v\u011bd. Chceme pos\u00edlit vazby mezi akademickou sf\u00e9rou, nevl\u00e1dn\u00edmi organizacemi, m\u00e9dii, pr\u016fmyslem a politikou, a zv\u00fd\u0161it tak informovanost ve\u0159ejnosti. Na\u0161\u00edm c\u00edlem je vytv\u00e1\u0159et p\u0159\u00edle\u017eitosti pro sd\u00edlen\u00ed odborn\u00fdch znalost\u00ed a podporovat mezioborov\u00e9 v\u00fdzkumn\u00e9 programy.<\/p>\n<p><b>M\u00e1te-li z\u00e1jem o iniciativu PlantACT!, p\u0159idejte se k n\u00e1m.<\/b><\/p>\n<\/div><span class=\"btn-container btn-inline\" ><a role=\"button\"  href=\"https:\/\/www.plant-act.org\/cs\/contact\/\" class=\"custom-link btn btn-custom-typo font-136269 font-weight-500 text-uppercase fontspace-781688 border-width-0 btn-text-skin btn-accent btn-top-margin btn-no-scale btn-icon-left\"><i class=\"fa fa-long-arrow-right\"><\/i>P\u0158IPOJTE SE NYN\u00cd<\/a><\/span><span class=\"btn-container btn-inline\" ><a role=\"button\"  href=\"https:\/\/www.plant-act.org\/cs\/members\/\" class=\"custom-link btn btn-custom-typo font-136269 font-weight-500 text-uppercase fontspace-781688 border-width-0 btn-text-skin btn-accent btn-top-margin btn-no-scale btn-icon-left\"><i class=\"fa fa-long-arrow-right\"><\/i>\u010cLENOV\u00c9<\/a><\/span><\/div><\/div><\/div><\/div><\/div><\/div><\/div><\/div><\/div><\/div><\/div><\/div><\/div><script id=\"script-row-unique-7\" data-row=\"script-row-unique-7\" type=\"text\/javascript\" class=\"vc_controls\">UNCODE.initRow(document.getElementById(\"row-unique-7\"));<\/script><\/div><\/div><\/div><div data-parent=\"true\" class=\"vc_row row-container\" id=\"row-unique-8\"><div class=\"row quad-top-padding quad-bottom-padding single-h-padding limit-width row-parent\"><div class=\"wpb_row row-inner\"><div class=\"wpb_column pos-top pos-center align_left column_parent col-lg-12 single-internal-gutter\"><div class=\"uncol style-light\"  ><div class=\"uncoltable\"><div class=\"uncell no-block-padding\" ><div class=\"uncont\" ><div class=\"vc_row inverted-device-order row-internal row-container\"><div class=\"row row-child\"><div class=\"wpb_row row-inner\"><div class=\"wpb_column pos-top pos-center align_left column_child col-lg-6 half-internal-gutter\"><div class=\"uncol style-light\" ><div class=\"uncoltable\"><div class=\"uncell no-block-padding\" ><div class=\"uncont\" ><div class=\"vc_custom_heading_wrap\"><div class=\"heading-text el-text\" ><h5 class=\"font-339240 fontsize-160000 fontspace-135905 text-accent-color text-uppercase\" ><span>NA\u0160\u00cdM C\u00cdLEM JE PROPOJEN\u00cd S DAL\u0160\u00cdMI OBORY<\/span><\/h5><\/div><div class=\"clear\"><\/div><\/div><div class=\"vc_custom_heading_wrap\"><div class=\"heading-text el-text\" ><h1 class=\"font-339240 fontsize-155944\" ><span>P\u0159\u00edstupy PlantACT!<\/span><\/h1><\/div><div class=\"clear\"><\/div><\/div><div class=\"uncode_text_column text-lead\" ><p>Existuje velk\u00e1 shoda na pot\u0159eb\u011b mezioborov\u00e9 spolupr\u00e1ce pro \u00fasp\u011b\u0161n\u00e9 \u0159e\u0161en\u00ed slo\u017eit\u00fdch probl\u00e9m\u016f. Na\u0161\u00edm c\u00edlem je propojen\u00ed s dal\u0161\u00edmi obory (agronomi\u00ed, \u0161lechtitelstv\u00edm rostlin, p\u016fdoznalectv\u00edm, hydrologi\u00ed, modelov\u00e1n\u00edm klimatu a ekosyst\u00e9m\u016f, anal\u00fdzou dat, mo\u0159sk\u00fdmi v\u011bdami, soci\u00e1ln\u00edmi v\u011bdami, ekonomi\u00ed a filozofi\u00ed...). Mobilizace mlad\u00fdch lid\u00ed je pro n\u00e1s tak\u00e9 st\u011b\u017eejn\u00ed, proto\u017ee se jich klimatick\u00e9 zm\u011bny p\u0159\u00edmo t\u00fdkaj\u00ed, a proto\u017ee jsou d\u016fle\u017eit\u00fdmi akt\u00e9ry sou\u010dasn\u00e9 iniciativy, kter\u00e1 podporuje nal\u00e9havou pot\u0159ebu \u0159e\u0161it glob\u00e1ln\u00ed zm\u011bny v sou\u010dinnosti s v\u011bdci.<\/p>\n<\/div><\/div><\/div><\/div><\/div><\/div><div class=\"wpb_column pos-top pos-center align_left column_child col-lg-6 single-internal-gutter\"><div class=\"uncol style-light\" ><div class=\"uncoltable\"><div class=\"uncell no-block-padding\" ><div class=\"uncont\" ><div class=\"uncode-single-media  text-left\" data-cursor=\"icon-accent\"><div class=\"single-wrapper\" style=\"max-width: 100%;\"><div class=\"tmb tmb-light  img-round img-round-xs tmb-img-ratio tmb-media-first tmb-media-last tmb-content-overlay tmb-no-bg\"><div class=\"t-inside\"><div class=\"t-entry-visual\"><div class=\"t-entry-visual-tc\"><div class=\"uncode-single-media-wrapper img-round img-round-xs\"><div class=\"dummy\" style=\"padding-top: 66.7%;\"><\/div><img decoding=\"async\" class=\"wp-image-118040\" src=\"https:\/\/www.plant-act.org\/wp-content\/uploads\/2022\/12\/plantact-climate-change-plant-schientists-uai-2052x1368.jpg\" width=\"2052\" height=\"1368\" alt=\"\"><\/div>\n\t\t\t\t\t<\/div>\n\t\t\t\t<\/div><\/div><\/div><\/div><\/div><\/div><\/div><\/div><\/div><\/div><\/div><\/div><\/div><\/div><\/div><\/div><\/div><\/div><script id=\"script-row-unique-8\" data-row=\"script-row-unique-8\" type=\"text\/javascript\" class=\"vc_controls\">UNCODE.initRow(document.getElementById(\"row-unique-8\"));<\/script><\/div><\/div><\/div><div data-parent=\"true\" class=\"vc_row has-bg need-focus style-color-lxmt-bg row-container desktop-hidden tablet-hidden mobile-hidden\" id=\"row-unique-9\"><div class=\"row quad-top-padding double-bottom-padding single-h-padding limit-width row-parent\"><div class=\"wpb_row row-inner\"><div class=\"wpb_column pos-top pos-center align_left column_parent col-lg-12 single-internal-gutter\"><div class=\"uncol style-light\"  ><div class=\"uncoltable\"><div class=\"uncell no-block-padding\" ><div class=\"uncont\" ><div class=\"vc_row row-internal row-container\"><div class=\"row col-double-gutter row-child\"><div class=\"wpb_row row-inner\"><div class=\"wpb_column pos-top pos-center align_left align_center_mobile column_child col-lg-6 col-md-50 half-internal-gutter\"><div class=\"uncol style-light\" ><div class=\"uncoltable\"><div class=\"uncell no-block-padding\" ><div class=\"uncont\" ><div class=\"vc_custom_heading_wrap\"><div class=\"heading-text el-text\" ><h5 class=\"font-339240 fontsize-160000 fontspace-135905 text-accent-color text-uppercase\" ><span>News<\/span><\/h5><\/div><div class=\"clear\"><\/div><\/div><div class=\"vc_custom_heading_wrap\"><div class=\"heading-text el-text\" ><h3 class=\"font-339240 fontsize-155944\" ><span>Insights &amp;<br \/><\/span><span>latest news<\/span><\/h3><\/div><div class=\"clear\"><\/div><\/div><\/div><\/div><\/div><\/div><\/div><div class=\"wpb_column pos-bottom pos-center align_left column_child col-lg-3 mobile-hidden col-md-25 single-internal-gutter\"><div class=\"uncol style-light font-339240\" ><div class=\"uncoltable\"><div class=\"uncell no-block-padding\" ><div class=\"uncont\" ><div class=\"uncode_text_column text-lead\" ><p>Find the newest Information about the PlantACT! research.<\/p>\n<\/div><\/div><\/div><\/div><\/div><\/div><div class=\"wpb_column pos-bottom pos-center align_left column_child col-lg-3 mobile-hidden col-md-25 single-internal-gutter\"><div class=\"uncol style-light font-339240\" ><div class=\"uncoltable\"><div class=\"uncell no-block-padding\" ><div class=\"uncont\" ><div class=\"uncode_text_column text-lead\" ><p>Share our news to spread awareness about climate change.<\/p>\n<\/div><\/div><\/div><\/div><\/div><\/div><\/div><\/div><\/div><\/div><\/div><\/div><\/div><\/div><script id=\"script-row-unique-9\" data-row=\"script-row-unique-9\" type=\"text\/javascript\" class=\"vc_controls\">UNCODE.initRow(document.getElementById(\"row-unique-9\"));<\/script><\/div><\/div><\/div><div data-parent=\"true\" class=\"vc_row has-bg need-focus style-color-lxmt-bg row-container\" id=\"row-unique-10\"><div class=\"row quad-top-padding quad-bottom-padding single-h-padding limit-width row-parent\"><div class=\"wpb_row row-inner\"><div class=\"wpb_column pos-middle pos-center align_center column_parent col-lg-12 half-internal-gutter\"><div class=\"uncol style-light font-339240\"  ><div class=\"uncoltable\"><div class=\"uncell no-block-padding\" ><div class=\"uncont\" ><div class=\"vc_custom_heading_wrap\"><div class=\"heading-text el-text\" ><h5 class=\"font-339240 fontsize-160000 fontspace-135905 text-accent-color text-uppercase\" ><span>Insights &amp; Announcements<\/span><\/h5><\/div><div class=\"clear\"><\/div><\/div><div class=\"vc_custom_heading_wrap\"><div class=\"heading-text el-text\" ><h1 class=\"font-339240 fontsize-155944\" ><span>News<\/span><\/h1><\/div><div class=\"clear\"><\/div><\/div><div id=\"index-183931\" class=\"isotope-system isotope-general-light grid-general-light\" >\n\t\t\t\n\t\t\t\t\t\t\t\t\t\t\t\t\t\t<div class=\"isotope-wrapper grid-wrapper double-gutter\" >\t\t\t\t\t\t\t\t\t\t\t\t<div class=\"isotope-container grid-container isotope-layout style-masonry isotope-pagination grid-pagination\" data-type=\"masonry\" data-layout=\"fitRows\" data-lg=\"1000\" data-md=\"600\" data-sm=\"480\" data-vp-height=\"\">\t\t\t<div class=\"tmb atc-typography-inherit tmb-iso-w4 tmb-iso-h4 img-round img-round-xs tmb-light tmb-overlay-text-anim tmb-content-left tmb-content-mobile-center tmb-image-anim tmb-meta-size-default  grid-cat-69 tmb-id-119131 tmb-img-ratio tmb-content-under tmb-media-first tmb-no-bg\" ><div class=\"t-inside no-anim\" data-cursor=\"icon-accent\"><div class=\"t-entry-visual\"><div class=\"t-entry-visual-tc\"><div class=\"t-entry-visual-cont\"><div class=\"dummy\" style=\"padding-top: 75%;\"><\/div><a role=\"button\" tabindex=\"-1\" href=\"https:\/\/www.plant-act.org\/cs\/2026\/03\/18\/future-food-systems-conference-update\/\" class=\"pushed\" target=\"_self\" data-lb-index=\"0\"><div class=\"t-entry-visual-overlay\"><div class=\"t-entry-visual-overlay-in style-color-wayh-bg\" style=\"opacity: 0.5;\"><\/div><\/div><img decoding=\"async\" class=\"wp-image-119165\" src=\"https:\/\/www.plant-act.org\/wp-content\/uploads\/2026\/03\/Design-ohne-Titel-uai-1440x1080.jpg\" width=\"1440\" height=\"1080\" alt=\"\" \/><\/a><\/div>\n\t\t\t\t\t<\/div>\n\t\t\t\t<\/div><div class=\"t-entry-text\">\n\t\t\t\t\t\t\t\t\t<div class=\"t-entry-text-tc single-block-padding\"><div class=\"t-entry\"><h3 class=\"t-entry-title font-339240 h3 title-scale\"><a href=\"https:\/\/www.plant-act.org\/cs\/2026\/03\/18\/future-food-systems-conference-update\/\" target=\"_self\">Future Food Systems Conference Update<\/a><\/h3><div class=\"t-entry-excerpt text-lead\"><p class=\"text-lead\">The Future Food Systems Conference, scheduled for\u2026<\/p><\/div><hr \/><p class=\"t-entry-readmore btn-container\"><a href=\"https:\/\/www.plant-act.org\/cs\/2026\/03\/18\/future-food-systems-conference-update\/\" class=\"btn btn-default\" target=\"_self\">Read More<\/a><\/p><\/div><\/div>\n\t\t\t\t\t\t\t<\/div><\/div><\/div><div class=\"tmb atc-typography-inherit tmb-iso-w4 tmb-iso-h4 img-round img-round-xs tmb-light tmb-overlay-text-anim tmb-content-left tmb-content-mobile-center tmb-image-anim tmb-meta-size-default  grid-cat-69 tmb-id-119093 tmb-img-ratio tmb-content-under tmb-media-first tmb-no-bg\" ><div class=\"t-inside no-anim\" data-cursor=\"icon-accent\"><div class=\"t-entry-visual\"><div class=\"t-entry-visual-tc\"><div class=\"t-entry-visual-cont\"><div class=\"dummy\" style=\"padding-top: 75%;\"><\/div><a role=\"button\" tabindex=\"-1\" href=\"https:\/\/www.plant-act.org\/cs\/2025\/09\/15\/general-invitation-letter-future-food-systems-2026\/\" class=\"pushed\" target=\"_self\" data-lb-index=\"1\"><div class=\"t-entry-visual-overlay\"><div class=\"t-entry-visual-overlay-in style-color-wayh-bg\" style=\"opacity: 0.5;\"><\/div><\/div><img decoding=\"async\" class=\"wp-image-119094\" src=\"https:\/\/www.plant-act.org\/wp-content\/uploads\/2025\/09\/Future-Food-Systems-Picture--uai-960x720.jpg\" width=\"960\" height=\"720\" alt=\"\" \/><\/a><\/div>\n\t\t\t\t\t<\/div>\n\t\t\t\t<\/div><div class=\"t-entry-text\">\n\t\t\t\t\t\t\t\t\t<div class=\"t-entry-text-tc single-block-padding\"><div class=\"t-entry\"><h3 class=\"t-entry-title font-339240 h3 title-scale\"><a href=\"https:\/\/www.plant-act.org\/cs\/2025\/09\/15\/general-invitation-letter-future-food-systems-2026\/\" target=\"_self\">General Invitation Letter Future Food Systems 2026<\/a><\/h3><div class=\"t-entry-excerpt text-lead\"><p class=\"text-lead\">As you know, we are on a trajectory to reach a\u2026<\/p><\/div><hr \/><p class=\"t-entry-readmore btn-container\"><a href=\"https:\/\/www.plant-act.org\/cs\/2025\/09\/15\/general-invitation-letter-future-food-systems-2026\/\" class=\"btn btn-default\" target=\"_self\">Read More<\/a><\/p><\/div><\/div>\n\t\t\t\t\t\t\t<\/div><\/div><\/div><div class=\"tmb atc-typography-inherit tmb-iso-w4 tmb-iso-h4 img-round img-round-xs tmb-light tmb-overlay-text-anim tmb-content-left tmb-content-mobile-center tmb-image-anim tmb-meta-size-default  grid-cat-69 tmb-id-119085 tmb-img-ratio tmb-content-under tmb-media-first tmb-no-bg\" ><div class=\"t-inside no-anim\" data-cursor=\"icon-accent\"><div class=\"t-entry-visual\"><div class=\"t-entry-visual-tc\"><div class=\"t-entry-visual-cont\"><div class=\"dummy\" style=\"padding-top: 75%;\"><\/div><a role=\"button\" tabindex=\"-1\" href=\"https:\/\/www.plant-act.org\/cs\/2025\/05\/02\/plantact-2025-successfully-concludes-and-consolidates-an-international-network-of-plant-scientists-to-devise-climate-change-mitigation-solutions-and-secure-food-production\/\" class=\"pushed\" target=\"_self\" data-lb-index=\"2\"><div class=\"t-entry-visual-overlay\"><div class=\"t-entry-visual-overlay-in style-color-wayh-bg\" style=\"opacity: 0.5;\"><\/div><\/div><img decoding=\"async\" class=\"wp-image-119086\" src=\"https:\/\/www.plant-act.org\/wp-content\/uploads\/2025\/05\/plantact_01-scaled-uai-2276x1707.jpg\" width=\"2276\" height=\"1707\" alt=\"\" \/><\/a><\/div>\n\t\t\t\t\t<\/div>\n\t\t\t\t<\/div><div class=\"t-entry-text\">\n\t\t\t\t\t\t\t\t\t<div class=\"t-entry-text-tc single-block-padding\"><div class=\"t-entry\"><h3 class=\"t-entry-title font-339240 h3 title-scale\"><a href=\"https:\/\/www.plant-act.org\/cs\/2025\/05\/02\/plantact-2025-successfully-concludes-and-consolidates-an-international-network-of-plant-scientists-to-devise-climate-change-mitigation-solutions-and-secure-food-production\/\" target=\"_self\">PlantACT! 2025 successfully concludes and consolidates an international network of plant scientists to devise climate change mitigation solutions and secure food production<\/a><\/h3><div class=\"t-entry-excerpt text-lead\"><p class=\"text-lead\">More than 300 experts from 17 countries shared\u2026<\/p><\/div><hr \/><p class=\"t-entry-readmore btn-container\"><a href=\"https:\/\/www.plant-act.org\/cs\/2025\/05\/02\/plantact-2025-successfully-concludes-and-consolidates-an-international-network-of-plant-scientists-to-devise-climate-change-mitigation-solutions-and-secure-food-production\/\" class=\"btn btn-default\" target=\"_self\">Read More<\/a><\/p><\/div><\/div>\n\t\t\t\t\t\t\t<\/div><\/div><\/div>\t\t<\/div>\t\n\t\n\n\t<\/div>\t\t\t\t<\/div>\n<\/div><\/div><\/div><\/div><\/div><script id=\"script-row-unique-10\" data-row=\"script-row-unique-10\" type=\"text\/javascript\" class=\"vc_controls\">UNCODE.initRow(document.getElementById(\"row-unique-10\"));<\/script><\/div><\/div><\/div>\n<\/div>","protected":false},"excerpt":{"rendered":"PlantACT! 2025 successfully concludes and consolidates an international network of plant scientists to devise climate change mitigation solutions and secure [...]","protected":false},"author":1,"featured_media":117741,"parent":0,"menu_order":0,"comment_status":"open","ping_status":"closed","template":"","meta":{"footnotes":""},"class_list":["post-19884","page","type-page","status-publish","has-post-thumbnail","hentry"],"yoast_head":"<!-- This site is optimized with the Yoast SEO plugin v27.5 - https:\/\/yoast.com\/product\/yoast-seo-wordpress\/ -->\n<title>PlantACT! - PlantACT!<\/title>\n<meta name=\"description\" content=\"The PlantACT! initiative aims to function as a think tank of plant science experts to tackle climate change.\" \/>\n<meta name=\"robots\" content=\"index, follow, max-snippet:-1, max-image-preview:large, max-video-preview:-1\" \/>\n<link rel=\"canonical\" href=\"https:\/\/www.plant-act.org\/cs\/\" \/>\n<meta property=\"og:locale\" content=\"cs_CZ\" \/>\n<meta property=\"og:type\" content=\"article\" \/>\n<meta property=\"og:title\" content=\"PlantACT! - PlantACT!\" \/>\n<meta property=\"og:description\" content=\"The PlantACT! initiative aims to function as a think tank of plant science experts to tackle climate change.\" \/>\n<meta property=\"og:url\" content=\"https:\/\/www.plant-act.org\/cs\/\" \/>\n<meta property=\"og:site_name\" content=\"PlantACT!\" \/>\n<meta property=\"article:modified_time\" content=\"2025-09-15T13:39:03+00:00\" \/>\n<meta property=\"og:image\" content=\"https:\/\/www.plant-act.org\/wp-content\/uploads\/2022\/12\/plant-act-desert-plant-growing.jpg\" \/>\n\t<meta property=\"og:image:width\" content=\"1472\" \/>\n\t<meta property=\"og:image:height\" content=\"982\" \/>\n\t<meta property=\"og:image:type\" content=\"image\/jpeg\" \/>\n<meta name=\"twitter:card\" content=\"summary_large_image\" \/>\n<meta name=\"twitter:label1\" content=\"Odhadovan\u00e1 doba \u010dten\u00ed\" \/>\n\t<meta name=\"twitter:data1\" content=\"8 minut\" \/>\n<script type=\"application\/ld+json\" class=\"yoast-schema-graph\">{\"@context\":\"https:\\\/\\\/schema.org\",\"@graph\":[{\"@type\":\"WebPage\",\"@id\":\"https:\\\/\\\/www.plant-act.org\\\/\",\"url\":\"https:\\\/\\\/www.plant-act.org\\\/\",\"name\":\"PlantACT! - PlantACT!\",\"isPartOf\":{\"@id\":\"https:\\\/\\\/www.plant-act.org\\\/#website\"},\"primaryImageOfPage\":{\"@id\":\"https:\\\/\\\/www.plant-act.org\\\/#primaryimage\"},\"image\":{\"@id\":\"https:\\\/\\\/www.plant-act.org\\\/#primaryimage\"},\"thumbnailUrl\":\"https:\\\/\\\/www.plant-act.org\\\/wp-content\\\/uploads\\\/2022\\\/12\\\/plant-act-desert-plant-growing.jpg\",\"datePublished\":\"2015-05-28T09:30:14+00:00\",\"dateModified\":\"2025-09-15T13:39:03+00:00\",\"description\":\"The PlantACT! initiative aims to function as a think tank of plant science experts to tackle climate change.\",\"breadcrumb\":{\"@id\":\"https:\\\/\\\/www.plant-act.org\\\/#breadcrumb\"},\"inLanguage\":\"cs\",\"potentialAction\":[{\"@type\":\"ReadAction\",\"target\":[\"https:\\\/\\\/www.plant-act.org\\\/\"]}]},{\"@type\":\"ImageObject\",\"inLanguage\":\"cs\",\"@id\":\"https:\\\/\\\/www.plant-act.org\\\/#primaryimage\",\"url\":\"https:\\\/\\\/www.plant-act.org\\\/wp-content\\\/uploads\\\/2022\\\/12\\\/plant-act-desert-plant-growing.jpg\",\"contentUrl\":\"https:\\\/\\\/www.plant-act.org\\\/wp-content\\\/uploads\\\/2022\\\/12\\\/plant-act-desert-plant-growing.jpg\",\"width\":1472,\"height\":982},{\"@type\":\"BreadcrumbList\",\"@id\":\"https:\\\/\\\/www.plant-act.org\\\/#breadcrumb\",\"itemListElement\":[{\"@type\":\"ListItem\",\"position\":1,\"name\":\"Home\",\"item\":\"https:\\\/\\\/www.plant-act.org\\\/\"},{\"@type\":\"ListItem\",\"position\":2,\"name\":\"PlantACT!\"}]},{\"@type\":\"WebSite\",\"@id\":\"https:\\\/\\\/www.plant-act.org\\\/#website\",\"url\":\"https:\\\/\\\/www.plant-act.org\\\/\",\"name\":\"PlantACT!\",\"description\":\"Initiative to function as a think tank of plant science experts to tackle climate change.\",\"publisher\":{\"@id\":\"https:\\\/\\\/www.plant-act.org\\\/#organization\"},\"potentialAction\":[{\"@type\":\"SearchAction\",\"target\":{\"@type\":\"EntryPoint\",\"urlTemplate\":\"https:\\\/\\\/www.plant-act.org\\\/?s={search_term_string}\"},\"query-input\":{\"@type\":\"PropertyValueSpecification\",\"valueRequired\":true,\"valueName\":\"search_term_string\"}}],\"inLanguage\":\"cs\"},{\"@type\":\"Organization\",\"@id\":\"https:\\\/\\\/www.plant-act.org\\\/#organization\",\"name\":\"PlantACT!\",\"url\":\"https:\\\/\\\/www.plant-act.org\\\/\",\"logo\":{\"@type\":\"ImageObject\",\"inLanguage\":\"cs\",\"@id\":\"https:\\\/\\\/www.plant-act.org\\\/#\\\/schema\\\/logo\\\/image\\\/\",\"url\":\"https:\\\/\\\/www.plant-act.org\\\/wp-content\\\/uploads\\\/2022\\\/12\\\/PlantACT-logo.png\",\"contentUrl\":\"https:\\\/\\\/www.plant-act.org\\\/wp-content\\\/uploads\\\/2022\\\/12\\\/PlantACT-logo.png\",\"width\":3334,\"height\":3334,\"caption\":\"PlantACT!\"},\"image\":{\"@id\":\"https:\\\/\\\/www.plant-act.org\\\/#\\\/schema\\\/logo\\\/image\\\/\"}}]}<\/script>\n<!-- \/ Yoast SEO plugin. -->","yoast_head_json":{"title":"PlantACT! - PlantACT!","description":"Iniciativa PlantACT! si klade za c\u00edl fungovat jako think tank rostlinn\u00fdch v\u011bdc\u016f a v\u011bdky\u0148, kte\u0159\u00ed se zab\u00fdvaj\u00ed \u0159e\u0161en\u00edm probl\u00e9m\u016f zp\u016fsoben\u00fdch zm\u011bnou klimatu.","robots":{"index":"index","follow":"follow","max-snippet":"max-snippet:-1","max-image-preview":"max-image-preview:large","max-video-preview":"max-video-preview:-1"},"canonical":"https:\/\/www.plant-act.org\/cs\/","og_locale":"cs_CZ","og_type":"article","og_title":"PlantACT! - PlantACT!","og_description":"The PlantACT! initiative aims to function as a think tank of plant science experts to tackle climate change.","og_url":"https:\/\/www.plant-act.org\/cs\/","og_site_name":"PlantACT!","article_modified_time":"2025-09-15T13:39:03+00:00","og_image":[{"width":1472,"height":982,"url":"https:\/\/www.plant-act.org\/wp-content\/uploads\/2022\/12\/plant-act-desert-plant-growing.jpg","type":"image\/jpeg"}],"twitter_card":"summary_large_image","twitter_misc":{"Odhadovan\u00e1 doba \u010dten\u00ed":"8 minut"},"schema":{"@context":"https:\/\/schema.org","@graph":[{"@type":"WebPage","@id":"https:\/\/www.plant-act.org\/","url":"https:\/\/www.plant-act.org\/","name":"PlantACT! - PlantACT!","isPartOf":{"@id":"https:\/\/www.plant-act.org\/#website"},"primaryImageOfPage":{"@id":"https:\/\/www.plant-act.org\/#primaryimage"},"image":{"@id":"https:\/\/www.plant-act.org\/#primaryimage"},"thumbnailUrl":"https:\/\/www.plant-act.org\/wp-content\/uploads\/2022\/12\/plant-act-desert-plant-growing.jpg","datePublished":"2015-05-28T09:30:14+00:00","dateModified":"2025-09-15T13:39:03+00:00","description":"Iniciativa PlantACT! si klade za c\u00edl fungovat jako think tank rostlinn\u00fdch v\u011bdc\u016f a v\u011bdky\u0148, kte\u0159\u00ed se zab\u00fdvaj\u00ed \u0159e\u0161en\u00edm probl\u00e9m\u016f zp\u016fsoben\u00fdch zm\u011bnou klimatu.","breadcrumb":{"@id":"https:\/\/www.plant-act.org\/#breadcrumb"},"inLanguage":"cs","potentialAction":[{"@type":"ReadAction","target":["https:\/\/www.plant-act.org\/"]}]},{"@type":"ImageObject","inLanguage":"cs","@id":"https:\/\/www.plant-act.org\/#primaryimage","url":"https:\/\/www.plant-act.org\/wp-content\/uploads\/2022\/12\/plant-act-desert-plant-growing.jpg","contentUrl":"https:\/\/www.plant-act.org\/wp-content\/uploads\/2022\/12\/plant-act-desert-plant-growing.jpg","width":1472,"height":982},{"@type":"BreadcrumbList","@id":"https:\/\/www.plant-act.org\/#breadcrumb","itemListElement":[{"@type":"ListItem","position":1,"name":"Home","item":"https:\/\/www.plant-act.org\/"},{"@type":"ListItem","position":2,"name":"PlantACT!"}]},{"@type":"WebSite","@id":"https:\/\/www.plant-act.org\/#website","url":"https:\/\/www.plant-act.org\/","name":"PlantACT!","description":"Initiative to function as a think tank of plant science experts to tackle climate change.","publisher":{"@id":"https:\/\/www.plant-act.org\/#organization"},"potentialAction":[{"@type":"SearchAction","target":{"@type":"EntryPoint","urlTemplate":"https:\/\/www.plant-act.org\/?s={search_term_string}"},"query-input":{"@type":"PropertyValueSpecification","valueRequired":true,"valueName":"search_term_string"}}],"inLanguage":"cs"},{"@type":"Organization","@id":"https:\/\/www.plant-act.org\/#organization","name":"PlantACT!","url":"https:\/\/www.plant-act.org\/","logo":{"@type":"ImageObject","inLanguage":"cs","@id":"https:\/\/www.plant-act.org\/#\/schema\/logo\/image\/","url":"https:\/\/www.plant-act.org\/wp-content\/uploads\/2022\/12\/PlantACT-logo.png","contentUrl":"https:\/\/www.plant-act.org\/wp-content\/uploads\/2022\/12\/PlantACT-logo.png","width":3334,"height":3334,"caption":"PlantACT!"},"image":{"@id":"https:\/\/www.plant-act.org\/#\/schema\/logo\/image\/"}}]}},"_links":{"self":[{"href":"https:\/\/www.plant-act.org\/cs\/wp-json\/wp\/v2\/pages\/19884","targetHints":{"allow":["GET"]}}],"collection":[{"href":"https:\/\/www.plant-act.org\/cs\/wp-json\/wp\/v2\/pages"}],"about":[{"href":"https:\/\/www.plant-act.org\/cs\/wp-json\/wp\/v2\/types\/page"}],"author":[{"embeddable":true,"href":"https:\/\/www.plant-act.org\/cs\/wp-json\/wp\/v2\/users\/1"}],"replies":[{"embeddable":true,"href":"https:\/\/www.plant-act.org\/cs\/wp-json\/wp\/v2\/comments?post=19884"}],"version-history":[{"count":180,"href":"https:\/\/www.plant-act.org\/cs\/wp-json\/wp\/v2\/pages\/19884\/revisions"}],"predecessor-version":[{"id":119098,"href":"https:\/\/www.plant-act.org\/cs\/wp-json\/wp\/v2\/pages\/19884\/revisions\/119098"}],"wp:featuredmedia":[{"embeddable":true,"href":"https:\/\/www.plant-act.org\/cs\/wp-json\/wp\/v2\/media\/117741"}],"wp:attachment":[{"href":"https:\/\/www.plant-act.org\/cs\/wp-json\/wp\/v2\/media?parent=19884"}],"curies":[{"name":"wp","href":"https:\/\/api.w.org\/{rel}","templated":true}]}}